{"id":11432,"date":"2025-03-10T18:20:58","date_gmt":"2025-03-10T17:20:58","guid":{"rendered":"https:\/\/petits-chanteurs-strasbourg.com\/?page_id=11432"},"modified":"2025-03-10T18:44:42","modified_gmt":"2025-03-10T17:44:42","slug":"technique-vocale","status":"publish","type":"page","link":"https:\/\/petits-chanteurs-strasbourg.com\/index.php\/technique-vocale\/","title":{"rendered":"TECHNIQUE VOCALE"},"content":{"rendered":"\t\t<div data-elementor-type=\"wp-page\" data-elementor-id=\"11432\" class=\"elementor elementor-11432\">\n\t\t\t\t\t\t<section class=\"elementor-section elementor-top-section elementor-element elementor-element-5ec1c07 elementor-section-boxed elementor-section-height-default elementor-section-height-default qodef-elementor-content-no\" data-id=\"5ec1c07\" data-element_type=\"section\" data-e-type=\"section\">\n\t\t\t\t\t\t<div class=\"elementor-container elementor-column-gap-default\">\n\t\t\t\t\t<div class=\"elementor-column elementor-col-33 elementor-top-column elementor-element elementor-element-571ad4c\" data-id=\"571ad4c\" data-element_type=\"column\" data-e-type=\"column\">\n\t\t\t<div class=\"elementor-widget-wrap elementor-element-populated\">\n\t\t\t\t\t\t<div class=\"elementor-element elementor-element-f4c31fd elementor-widget elementor-widget-video\" data-id=\"f4c31fd\" data-element_type=\"widget\" data-e-type=\"widget\" data-settings=\"{&quot;video_type&quot;:&quot;hosted&quot;,&quot;autoplay&quot;:&quot;yes&quot;,&quot;play_on_mobile&quot;:&quot;yes&quot;,&quot;mute&quot;:&quot;yes&quot;,&quot;loop&quot;:&quot;yes&quot;,&quot;controls&quot;:&quot;yes&quot;}\" data-widget_type=\"video.default\">\n\t\t\t\t<div class=\"elementor-widget-container\">\n\t\t\t\t\t\t\t<div class=\"e-hosted-video elementor-wrapper elementor-open-inline\">\n\t\t\t\t\t<video class=\"elementor-video\" src=\"https:\/\/petits-chanteurs-strasbourg.com\/wp-content\/uploads\/2025\/03\/TV-1.m4v\" autoplay=\"\" loop=\"\" controls=\"\" muted=\"muted\" playsinline=\"\" controlsList=\"nodownload\"><\/video>\n\t\t\t\t<\/div>\n\t\t\t\t\t\t<\/div>\n\t\t\t\t<\/div>\n\t\t\t\t\t<\/div>\n\t\t<\/div>\n\t\t\t\t<div class=\"elementor-column elementor-col-66 elementor-top-column elementor-element elementor-element-a801b80\" data-id=\"a801b80\" data-element_type=\"column\" data-e-type=\"column\">\n\t\t\t<div class=\"elementor-widget-wrap elementor-element-populated\">\n\t\t\t\t\t\t<div class=\"elementor-element elementor-element-a550d8a elementor-widget elementor-widget-text-editor\" data-id=\"a550d8a\" data-element_type=\"widget\" data-e-type=\"widget\" data-widget_type=\"text-editor.default\">\n\t\t\t\t<div class=\"elementor-widget-container\">\n\t\t\t\t\t\t\t\t\t<p class=\"p1\"><span class=\"s1\">Le travail de technique vocale est orient\u00e9 de fa\u00e7on \u00e0 accompagner la maturit\u00e9 vocale et musicale des enfants pendant tout leur parcours \u00e0 la Ma\u00eetrise. <\/span><\/p><p class=\"p1\"><span class=\"s1\">Ainsi, d\u00e8s le Jardin Vocal, les petits chanteurs commencent \u00e0 se familiariser au ph\u00e9nom\u00e8ne vocal avec des jeux et avec des mots pour exprimer leur exp\u00e9rience. <\/span><\/p><p class=\"p1\"><span class=\"s1\">Graduellement, ces jeux se formalisent pour mieux conna\u00eetre, comprendre, g\u00e9rer et maitriser leur voix.<\/span><\/p>\t\t\t\t\t\t\t\t<\/div>\n\t\t\t\t<\/div>\n\t\t\t\t\t<\/div>\n\t\t<\/div>\n\t\t\t\t\t<\/div>\n\t\t<\/section>\n\t\t\t\t<section class=\"elementor-section elementor-top-section elementor-element elementor-element-6d1d360 elementor-section-boxed elementor-section-height-default elementor-section-height-default qodef-elementor-content-no\" data-id=\"6d1d360\" data-element_type=\"section\" data-e-type=\"section\">\n\t\t\t\t\t\t<div class=\"elementor-container elementor-column-gap-default\">\n\t\t\t\t\t<div class=\"elementor-column elementor-col-100 elementor-top-column elementor-element elementor-element-1863d1e\" data-id=\"1863d1e\" data-element_type=\"column\" data-e-type=\"column\">\n\t\t\t<div class=\"elementor-widget-wrap elementor-element-populated\">\n\t\t\t\t\t\t<div class=\"elementor-element elementor-element-1f6567b elementor-widget elementor-widget-spacer\" data-id=\"1f6567b\" data-element_type=\"widget\" data-e-type=\"widget\" data-widget_type=\"spacer.default\">\n\t\t\t\t<div class=\"elementor-widget-container\">\n\t\t\t\t\t\t\t<div class=\"elementor-spacer\">\n\t\t\t<div class=\"elementor-spacer-inner\"><\/div>\n\t\t<\/div>\n\t\t\t\t\t\t<\/div>\n\t\t\t\t<\/div>\n\t\t\t\t\t<\/div>\n\t\t<\/div>\n\t\t\t\t\t<\/div>\n\t\t<\/section>\n\t\t\t\t<section class=\"elementor-section elementor-top-section elementor-element elementor-element-90c919b elementor-section-boxed elementor-section-height-default elementor-section-height-default qodef-elementor-content-no\" data-id=\"90c919b\" data-element_type=\"section\" data-e-type=\"section\">\n\t\t\t\t\t\t<div class=\"elementor-container elementor-column-gap-default\">\n\t\t\t\t\t<div class=\"elementor-column elementor-col-100 elementor-top-column elementor-element elementor-element-958f358\" data-id=\"958f358\" data-element_type=\"column\" data-e-type=\"column\">\n\t\t\t<div class=\"elementor-widget-wrap elementor-element-populated\">\n\t\t\t\t\t\t<div class=\"elementor-element elementor-element-4e42e8e elementor-widget elementor-widget-qi_addons_for_elementor_blog_list\" data-id=\"4e42e8e\" data-element_type=\"widget\" data-e-type=\"widget\" data-widget_type=\"qi_addons_for_elementor_blog_list.default\">\n\t\t\t\t<div class=\"elementor-widget-container\">\n\t\t\t\t\t<div class=\"qodef-shortcode qodef-m qodef-addons-blog-list qodef-alignment--centered qodef-info-no-icons qodef-image--hover-zoom qodef-qi-grid qodef-layout--qi-columns qodef-col-num--4 qodef-item-layout--boxed qodef-responsive--predefined\" >\n\t<div class=\"qodef-grid-inner\">\n\t\t<article class=\"qodef-e qodef-blog-item qodef-grid-item qodef-item--thumbnail post-10096 post type-post status-publish format-standard has-post-thumbnail hentry category-les-intervenants category-technique-vocale\">\n\t<div class=\"qodef-e-inner\">\n\t\t<div class=\"qodef-e-media-holder\">\n\t\t\t<div class=\"qodef-e-media\">\n\t\t<div class=\"qodef-e-media-image\">\n\t\t<a itemprop=\"url\" href=\"https:\/\/petits-chanteurs-strasbourg.com\/index.php\/2024\/07\/15\/carolina-franchini\/\">\n\t\t\t<img decoding=\"async\" width=\"150\" height=\"150\" src=\"https:\/\/petits-chanteurs-strasbourg.com\/wp-content\/uploads\/2024\/07\/carolina.001-150x150.jpg\" class=\"attachment-thumbnail size-thumbnail\" alt=\"\" srcset=\"https:\/\/petits-chanteurs-strasbourg.com\/wp-content\/uploads\/2024\/07\/carolina.001-150x150.jpg 150w, https:\/\/petits-chanteurs-strasbourg.com\/wp-content\/uploads\/2024\/07\/carolina.001-300x300.jpg 300w, https:\/\/petits-chanteurs-strasbourg.com\/wp-content\/uploads\/2024\/07\/carolina.001-650x650.jpg 650w, https:\/\/petits-chanteurs-strasbourg.com\/wp-content\/uploads\/2024\/07\/carolina.001.jpg 749w\" sizes=\"(max-width: 150px) 100vw, 150px\" \/>\t\t<\/a>\n\t\t\t<\/div>\n<\/div>\n\t\t<\/div>\n\t\t<div class=\"qodef-e-content\">\n\t\t\t\t\t\t<div class=\"qodef-e-text\">\n\t\t\t\t<h5 itemprop=\"name\" class=\"qodef-e-title entry-title\">\n\t<a itemprop=\"url\" class=\"qodef-e-title-link\" href=\"https:\/\/petits-chanteurs-strasbourg.com\/index.php\/2024\/07\/15\/carolina-franchini\/\">\n\t\tCarolina Franchini\t<\/a>\n<\/h5>\n\t\t\t<\/div>\n\t\t\t\t\t\t\t<div class=\"qodef-e-info qodef-info--bottom\">\n\t\t\t\t\t\t<div class=\"qodef-e-read-more\">\n\t\t<a class=\"qodef-shortcode qodef-m qodef-qi-button qodef-html--link qodef-layout--filled qodef-type--standard qodef-icon--right qodef-hover--icon-move-horizontal-short\" href=\"https:\/\/petits-chanteurs-strasbourg.com\/index.php\/2024\/07\/15\/carolina-franchini\/\" target=\"_self\">\t<span class=\"qodef-m-text\">Lire la suite<\/span>\t<\/a>\t<\/div>\n\t\t\t\t<\/div>\n\t\t\t\t\t<\/div>\n\t<\/div>\n<\/article>\n<article class=\"qodef-e qodef-blog-item qodef-grid-item qodef-item--thumbnail post-4968 post type-post status-publish format-standard has-post-thumbnail hentry category-les-intervenants category-technique-vocale\">\n\t<div class=\"qodef-e-inner\">\n\t\t<div class=\"qodef-e-media-holder\">\n\t\t\t<div class=\"qodef-e-media\">\n\t\t<div class=\"qodef-e-media-image\">\n\t\t<a itemprop=\"url\" href=\"https:\/\/petits-chanteurs-strasbourg.com\/index.php\/2024\/07\/15\/susan-griffiths\/\">\n\t\t\t<img decoding=\"async\" width=\"150\" height=\"150\" src=\"https:\/\/petits-chanteurs-strasbourg.com\/wp-content\/uploads\/2024\/09\/photos-staff.002-150x150.jpg\" class=\"attachment-thumbnail size-thumbnail\" alt=\"\" srcset=\"https:\/\/petits-chanteurs-strasbourg.com\/wp-content\/uploads\/2024\/09\/photos-staff.002-150x150.jpg 150w, https:\/\/petits-chanteurs-strasbourg.com\/wp-content\/uploads\/2024\/09\/photos-staff.002-300x300.jpg 300w, https:\/\/petits-chanteurs-strasbourg.com\/wp-content\/uploads\/2024\/09\/photos-staff.002-650x650.jpg 650w, https:\/\/petits-chanteurs-strasbourg.com\/wp-content\/uploads\/2024\/09\/photos-staff.002.jpg 748w\" sizes=\"(max-width: 150px) 100vw, 150px\" \/>\t\t<\/a>\n\t\t\t<\/div>\n<\/div>\n\t\t<\/div>\n\t\t<div class=\"qodef-e-content\">\n\t\t\t\t\t\t<div class=\"qodef-e-text\">\n\t\t\t\t<h5 itemprop=\"name\" class=\"qodef-e-title entry-title\">\n\t<a itemprop=\"url\" class=\"qodef-e-title-link\" href=\"https:\/\/petits-chanteurs-strasbourg.com\/index.php\/2024\/07\/15\/susan-griffiths\/\">\n\t\tSusan GRIFFITHS\t<\/a>\n<\/h5>\n\t\t\t<\/div>\n\t\t\t\t\t\t\t<div class=\"qodef-e-info qodef-info--bottom\">\n\t\t\t\t\t\t<div class=\"qodef-e-read-more\">\n\t\t<a class=\"qodef-shortcode qodef-m qodef-qi-button qodef-html--link qodef-layout--filled qodef-type--standard qodef-icon--right qodef-hover--icon-move-horizontal-short\" href=\"https:\/\/petits-chanteurs-strasbourg.com\/index.php\/2024\/07\/15\/susan-griffiths\/\" target=\"_self\">\t<span class=\"qodef-m-text\">Lire la suite<\/span>\t<\/a>\t<\/div>\n\t\t\t\t<\/div>\n\t\t\t\t\t<\/div>\n\t<\/div>\n<\/article>\n<article class=\"qodef-e qodef-blog-item qodef-grid-item qodef-item--thumbnail post-10474 post type-post status-publish format-standard has-post-thumbnail hentry category-les-intervenants category-technique-vocale\">\n\t<div class=\"qodef-e-inner\">\n\t\t<div class=\"qodef-e-media-holder\">\n\t\t\t<div class=\"qodef-e-media\">\n\t\t<div class=\"qodef-e-media-image\">\n\t\t<a itemprop=\"url\" href=\"https:\/\/petits-chanteurs-strasbourg.com\/index.php\/2024\/09\/11\/laura-stebe\/\">\n\t\t\t<img decoding=\"async\" width=\"150\" height=\"150\" src=\"https:\/\/petits-chanteurs-strasbourg.com\/wp-content\/uploads\/2024\/09\/photos-staff.004-150x150.jpg\" class=\"attachment-thumbnail size-thumbnail\" alt=\"\" srcset=\"https:\/\/petits-chanteurs-strasbourg.com\/wp-content\/uploads\/2024\/09\/photos-staff.004-150x150.jpg 150w, https:\/\/petits-chanteurs-strasbourg.com\/wp-content\/uploads\/2024\/09\/photos-staff.004-300x300.jpg 300w, https:\/\/petits-chanteurs-strasbourg.com\/wp-content\/uploads\/2024\/09\/photos-staff.004-650x650.jpg 650w, https:\/\/petits-chanteurs-strasbourg.com\/wp-content\/uploads\/2024\/09\/photos-staff.004.jpg 748w\" sizes=\"(max-width: 150px) 100vw, 150px\" \/>\t\t<\/a>\n\t\t\t<\/div>\n<\/div>\n\t\t<\/div>\n\t\t<div class=\"qodef-e-content\">\n\t\t\t\t\t\t<div class=\"qodef-e-text\">\n\t\t\t\t<h5 itemprop=\"name\" class=\"qodef-e-title entry-title\">\n\t<a itemprop=\"url\" class=\"qodef-e-title-link\" href=\"https:\/\/petits-chanteurs-strasbourg.com\/index.php\/2024\/09\/11\/laura-stebe\/\">\n\t\tLaura St\u00e9b\u00e9\t<\/a>\n<\/h5>\n\t\t\t<\/div>\n\t\t\t\t\t\t\t<div class=\"qodef-e-info qodef-info--bottom\">\n\t\t\t\t\t\t<div class=\"qodef-e-read-more\">\n\t\t<a class=\"qodef-shortcode qodef-m qodef-qi-button qodef-html--link qodef-layout--filled qodef-type--standard qodef-icon--right qodef-hover--icon-move-horizontal-short\" href=\"https:\/\/petits-chanteurs-strasbourg.com\/index.php\/2024\/09\/11\/laura-stebe\/\" target=\"_self\">\t<span class=\"qodef-m-text\">Lire la suite<\/span>\t<\/a>\t<\/div>\n\t\t\t\t<\/div>\n\t\t\t\t\t<\/div>\n\t<\/div>\n<\/article>\n\t<\/div>\n\t<\/div>\n\t\t\t\t<\/div>\n\t\t\t\t<\/div>\n\t\t\t\t\t<\/div>\n\t\t<\/div>\n\t\t\t\t\t<\/div>\n\t\t<\/section>\n\t\t\t\t<section class=\"elementor-section elementor-top-section elementor-element elementor-element-2d1a23b elementor-section-boxed elementor-section-height-default elementor-section-height-default qodef-elementor-content-no\" data-id=\"2d1a23b\" data-element_type=\"section\" data-e-type=\"section\">\n\t\t\t\t\t\t<div class=\"elementor-container elementor-column-gap-default\">\n\t\t\t\t\t<div class=\"elementor-column elementor-col-100 elementor-top-column elementor-element elementor-element-a697652\" data-id=\"a697652\" data-element_type=\"column\" data-e-type=\"column\">\n\t\t\t<div class=\"elementor-widget-wrap elementor-element-populated\">\n\t\t\t\t\t\t<div class=\"elementor-element elementor-element-ff857fa elementor-widget elementor-widget-spacer\" data-id=\"ff857fa\" data-element_type=\"widget\" data-e-type=\"widget\" data-widget_type=\"spacer.default\">\n\t\t\t\t<div class=\"elementor-widget-container\">\n\t\t\t\t\t\t\t<div class=\"elementor-spacer\">\n\t\t\t<div class=\"elementor-spacer-inner\"><\/div>\n\t\t<\/div>\n\t\t\t\t\t\t<\/div>\n\t\t\t\t<\/div>\n\t\t\t\t\t<\/div>\n\t\t<\/div>\n\t\t\t\t\t<\/div>\n\t\t<\/section>\n\t\t\t\t<section class=\"elementor-section elementor-top-section elementor-element elementor-element-c9ff531 elementor-section-boxed elementor-section-height-default elementor-section-height-default qodef-elementor-content-no\" data-id=\"c9ff531\" data-element_type=\"section\" data-e-type=\"section\">\n\t\t\t\t\t\t<div class=\"elementor-container elementor-column-gap-default\">\n\t\t\t\t\t<div class=\"elementor-column elementor-col-100 elementor-top-column elementor-element elementor-element-5ca0fe2\" data-id=\"5ca0fe2\" data-element_type=\"column\" data-e-type=\"column\">\n\t\t\t<div class=\"elementor-widget-wrap elementor-element-populated\">\n\t\t\t\t\t\t<div class=\"elementor-element elementor-element-c6b7a52 elementor-align-center elementor-widget elementor-widget-button\" data-id=\"c6b7a52\" data-element_type=\"widget\" data-e-type=\"widget\" data-widget_type=\"button.default\">\n\t\t\t\t<div class=\"elementor-widget-container\">\n\t\t\t\t\t\t\t\t\t<div class=\"elementor-button-wrapper\">\n\t\t\t\t\t<a class=\"elementor-button elementor-button-link elementor-size-sm\" href=\"https:\/\/petits-chanteurs-strasbourg.com\/index.php\/organisation-pedagogique\/\">\n\t\t\t\t\t\t<span class=\"elementor-button-content-wrapper\">\n\t\t\t\t\t\t\t\t\t<span class=\"elementor-button-text\">RETOUR<\/span>\n\t\t\t\t\t<\/span>\n\t\t\t\t\t<\/a>\n\t\t\t\t<\/div>\n\t\t\t\t\t\t\t\t<\/div>\n\t\t\t\t<\/div>\n\t\t\t\t\t<\/div>\n\t\t<\/div>\n\t\t\t\t\t<\/div>\n\t\t<\/section>\n\t\t\t\t<\/div>\n\t\t","protected":false},"excerpt":{"rendered":"<p>https:\/\/petits-chanteurs-strasbourg.com\/wp-content\/uploads\/2025\/03\/TV-1.m4v Le travail de technique vocale est orient\u00e9 de fa\u00e7on \u00e0 accompagner la maturit\u00e9 vocale et musicale des enfants pendant tout leur parcours \u00e0 la Ma\u00eetrise. Ainsi, d\u00e8s le Jardin Vocal, les petits chanteurs commencent \u00e0 se familiariser au ph\u00e9nom\u00e8ne vocal avec des jeux et avec des mots pour exprimer leur exp\u00e9rience. Graduellement, ces jeux [&hellip;]<\/p>\n","protected":false},"author":2,"featured_media":0,"parent":0,"menu_order":0,"comment_status":"closed","ping_status":"closed","template":"","meta":{"_bbp_topic_count":0,"_bbp_reply_count":0,"_bbp_total_topic_count":0,"_bbp_total_reply_count":0,"_bbp_voice_count":0,"_bbp_anonymous_reply_count":0,"_bbp_topic_count_hidden":0,"_bbp_reply_count_hidden":0,"_bbp_forum_subforum_count":0,"footnotes":""},"class_list":["post-11432","page","type-page","status-publish","hentry"],"_links":{"self":[{"href":"https:\/\/petits-chanteurs-strasbourg.com\/index.php\/wp-json\/wp\/v2\/pages\/11432","targetHints":{"allow":["GET"]}}],"collection":[{"href":"https:\/\/petits-chanteurs-strasbourg.com\/index.php\/wp-json\/wp\/v2\/pages"}],"about":[{"href":"https:\/\/petits-chanteurs-strasbourg.com\/index.php\/wp-json\/wp\/v2\/types\/page"}],"author":[{"embeddable":true,"href":"https:\/\/petits-chanteurs-strasbourg.com\/index.php\/wp-json\/wp\/v2\/users\/2"}],"replies":[{"embeddable":true,"href":"https:\/\/petits-chanteurs-strasbourg.com\/index.php\/wp-json\/wp\/v2\/comments?post=11432"}],"version-history":[{"count":10,"href":"https:\/\/petits-chanteurs-strasbourg.com\/index.php\/wp-json\/wp\/v2\/pages\/11432\/revisions"}],"predecessor-version":[{"id":11444,"href":"https:\/\/petits-chanteurs-strasbourg.com\/index.php\/wp-json\/wp\/v2\/pages\/11432\/revisions\/11444"}],"wp:attachment":[{"href":"https:\/\/petits-chanteurs-strasbourg.com\/index.php\/wp-json\/wp\/v2\/media?parent=11432"}],"curies":[{"name":"wp","href":"https:\/\/api.w.org\/{rel}","templated":true}]}}