{"id":4211,"date":"2023-01-30T02:13:14","date_gmt":"2023-01-30T01:13:14","guid":{"rendered":"https:\/\/preprod.petits-chanteurs-strasbourg.com\/?page_id=4211"},"modified":"2025-07-24T14:30:39","modified_gmt":"2025-07-24T12:30:39","slug":"organisation-pedagogique","status":"publish","type":"page","link":"https:\/\/petits-chanteurs-strasbourg.com\/index.php\/organisation-pedagogique\/","title":{"rendered":"Organisation p\u00e9dagogique"},"content":{"rendered":"\t\t<div data-elementor-type=\"wp-page\" data-elementor-id=\"4211\" class=\"elementor elementor-4211\">\n\t\t\t\t\t\t<section class=\"elementor-section elementor-top-section elementor-element elementor-element-6f39dbb elementor-section-boxed elementor-section-height-default elementor-section-height-default qodef-elementor-content-no\" data-id=\"6f39dbb\" data-element_type=\"section\" data-e-type=\"section\">\n\t\t\t\t\t\t<div class=\"elementor-container elementor-column-gap-default\">\n\t\t\t\t\t<div class=\"elementor-column elementor-col-66 elementor-top-column elementor-element elementor-element-8f21b40\" data-id=\"8f21b40\" data-element_type=\"column\" data-e-type=\"column\">\n\t\t\t<div class=\"elementor-widget-wrap elementor-element-populated\">\n\t\t\t\t\t\t<div class=\"elementor-element elementor-element-88e5b36 elementor-widget elementor-widget-text-editor\" data-id=\"88e5b36\" data-element_type=\"widget\" data-e-type=\"widget\" data-widget_type=\"text-editor.default\">\n\t\t\t\t<div class=\"elementor-widget-container\">\n\t\t\t\t\t\t\t\t\t<p>Les Petits Chanteurs de Strasbourg \u2013 Ma\u00eetrise de l&rsquo;Op\u00e9ra national du Rhin veulent favoriser l\u2019acc\u00e8s de tous \u00e0 la culture de l\u2019art choral.<\/p>\t\t\t\t\t\t\t\t<\/div>\n\t\t\t\t<\/div>\n\t\t\t\t<div class=\"elementor-element elementor-element-e0a22b1 elementor-widget elementor-widget-text-editor\" data-id=\"e0a22b1\" data-element_type=\"widget\" data-e-type=\"widget\" data-widget_type=\"text-editor.default\">\n\t\t\t\t<div class=\"elementor-widget-container\">\n\t\t\t\t\t\t\t\t\t<p>Les enfants s\u2019inscrivent aux auditions d\u2019entr\u00e9e parce qu\u2019ils aiment chanter et prennent progressivement la pleine mesure de l\u2019investissement et de l\u2019engagement. Il n\u2019est pas rare qu\u2019un enfant choriste fasse d\u00e9couvrir \u00e0 sa famille un r\u00e9pertoire ou un style de musique inconnu jusqu\u2019alors.<\/p>\t\t\t\t\t\t\t\t<\/div>\n\t\t\t\t<\/div>\n\t\t\t\t<div class=\"elementor-element elementor-element-ef94c65 elementor-widget elementor-widget-text-editor\" data-id=\"ef94c65\" data-element_type=\"widget\" data-e-type=\"widget\" data-widget_type=\"text-editor.default\">\n\t\t\t\t<div class=\"elementor-widget-container\">\n\t\t\t\t\t\t\t\t\t<p>Ainsi, des enfants et des familles d\u2019horizons diff\u00e9rents et parfois loin de cet univers c\u00f4toient d\u2019autres familles d\u00e9j\u00e0 sensibles \u00e0 la musique dite classique.<\/p>\t\t\t\t\t\t\t\t<\/div>\n\t\t\t\t<\/div>\n\t\t\t\t<div class=\"elementor-element elementor-element-6fac6de elementor-widget elementor-widget-text-editor\" data-id=\"6fac6de\" data-element_type=\"widget\" data-e-type=\"widget\" data-widget_type=\"text-editor.default\">\n\t\t\t\t<div class=\"elementor-widget-container\">\n\t\t\t\t\t\t\t\t\t<p>Pour donner toute son ampleur \u00e0 cette d\u00e9marche, la Ma\u00eetrise propose :<\/p>\t\t\t\t\t\t\t\t<\/div>\n\t\t\t\t<\/div>\n\t\t\t\t\t<\/div>\n\t\t<\/div>\n\t\t\t\t<div class=\"elementor-column elementor-col-33 elementor-top-column elementor-element elementor-element-46bca35\" data-id=\"46bca35\" data-element_type=\"column\" data-e-type=\"column\">\n\t\t\t<div class=\"elementor-widget-wrap elementor-element-populated\">\n\t\t\t\t\t\t<div class=\"elementor-element elementor-element-8a9ec08 elementor-widget elementor-widget-image\" data-id=\"8a9ec08\" data-element_type=\"widget\" data-e-type=\"widget\" data-widget_type=\"image.default\">\n\t\t\t\t<div class=\"elementor-widget-container\">\n\t\t\t\t\t\t\t\t\t\t\t\t\t\t\t<img fetchpriority=\"high\" decoding=\"async\" width=\"1024\" height=\"732\" src=\"https:\/\/petits-chanteurs-strasbourg.com\/wp-content\/uploads\/2023\/01\/Capture-decran-2023-01-30-a-02.18.55-1024x732.jpg\" class=\"attachment-large size-large wp-image-4215\" alt=\"\" srcset=\"https:\/\/petits-chanteurs-strasbourg.com\/wp-content\/uploads\/2023\/01\/Capture-decran-2023-01-30-a-02.18.55-1024x732.jpg 1024w, https:\/\/petits-chanteurs-strasbourg.com\/wp-content\/uploads\/2023\/01\/Capture-decran-2023-01-30-a-02.18.55-e1675041580376-300x215.jpg 300w, https:\/\/petits-chanteurs-strasbourg.com\/wp-content\/uploads\/2023\/01\/Capture-decran-2023-01-30-a-02.18.55-e1675041580376-768x549.jpg 768w, https:\/\/petits-chanteurs-strasbourg.com\/wp-content\/uploads\/2023\/01\/Capture-decran-2023-01-30-a-02.18.55-1536x1098.jpg 1536w, https:\/\/petits-chanteurs-strasbourg.com\/wp-content\/uploads\/2023\/01\/Capture-decran-2023-01-30-a-02.18.55-e1675041580376.jpg 800w\" sizes=\"(max-width: 1024px) 100vw, 1024px\" \/>\t\t\t\t\t\t\t\t\t\t\t\t\t\t\t<\/div>\n\t\t\t\t<\/div>\n\t\t\t\t\t<\/div>\n\t\t<\/div>\n\t\t\t\t\t<\/div>\n\t\t<\/section>\n\t\t\t\t<section class=\"elementor-section elementor-top-section elementor-element elementor-element-d0e3cdc elementor-section-boxed elementor-section-height-default elementor-section-height-default qodef-elementor-content-no\" data-id=\"d0e3cdc\" data-element_type=\"section\" data-e-type=\"section\">\n\t\t\t\t\t\t<div class=\"elementor-container elementor-column-gap-default\">\n\t\t\t\t\t<div class=\"elementor-column elementor-col-100 elementor-top-column elementor-element elementor-element-6d2b27f\" data-id=\"6d2b27f\" data-element_type=\"column\" data-e-type=\"column\">\n\t\t\t<div class=\"elementor-widget-wrap elementor-element-populated\">\n\t\t\t\t\t\t<div class=\"elementor-element elementor-element-514dfef elementor-widget elementor-widget-text-editor\" data-id=\"514dfef\" data-element_type=\"widget\" data-e-type=\"widget\" data-widget_type=\"text-editor.default\">\n\t\t\t\t<div class=\"elementor-widget-container\">\n\t\t\t\t\t\t\t\t\t<ul><li>d\u2019int\u00e9grer le ch\u0153ur pour chaque enfant ayant une voix saine, sans formation pr\u00e9alable,<\/li><li>un travail artistique hors temps scolaire de haut niveau et ambitieux,<\/li><li>faire vivre \u00e0 ses choristes et \u00e0 leurs familles des moments uniques par la rencontre d\u2019un r\u00e9pertoire, d\u2019un lieu de concert, ainsi que de grands chanteurs, musiciens, chefs d\u2019orchestre, metteurs en sc\u00e8ne et professionnels du spectacle\u00a0;<\/li><li>un travail portant autant sur la voix, la musique, que sur la beaut\u00e9 du geste musical inscrit dans une r\u00e9flexion corporelle globale et une recherche sc\u00e9nique.<\/li><\/ul>\t\t\t\t\t\t\t\t<\/div>\n\t\t\t\t<\/div>\n\t\t\t\t\t<\/div>\n\t\t<\/div>\n\t\t\t\t\t<\/div>\n\t\t<\/section>\n\t\t\t\t<section class=\"elementor-section elementor-top-section elementor-element elementor-element-342ff1a elementor-section-boxed elementor-section-height-default elementor-section-height-default qodef-elementor-content-no\" data-id=\"342ff1a\" data-element_type=\"section\" data-e-type=\"section\">\n\t\t\t\t\t\t<div class=\"elementor-container elementor-column-gap-default\">\n\t\t\t\t\t<div class=\"elementor-column elementor-col-100 elementor-top-column elementor-element elementor-element-a7e8bf8\" data-id=\"a7e8bf8\" data-element_type=\"column\" data-e-type=\"column\">\n\t\t\t<div class=\"elementor-widget-wrap elementor-element-populated\">\n\t\t\t\t\t\t<div class=\"elementor-element elementor-element-9284ec1 elementor-widget elementor-widget-text-editor\" data-id=\"9284ec1\" data-element_type=\"widget\" data-e-type=\"widget\" data-widget_type=\"text-editor.default\">\n\t\t\t\t<div class=\"elementor-widget-container\">\n\t\t\t\t\t\t\t\t\t<p>Ce travail se fait soit par la lecture de partitions, soit par c\u0153ur pour d\u00e9velopper la m\u00e9moire auditive et mieux travailler d\u2019autres aspects comme l\u2019eutonie. A leur arriv\u00e9e au Jardin Vocal, aucune connaissance solf\u00e9gique n\u2019est n\u00e9cessaire. Un travail novateur est r\u00e9alis\u00e9 depuis 2019\u00a0<b>sur les p\u00e9dagogies actives,<\/b>\u00a0qui permettent aux enfants de s\u2019approprier le langage musical comme ils se sont appropri\u00e9 leur langue maternelle.<\/p>\t\t\t\t\t\t\t\t<\/div>\n\t\t\t\t<\/div>\n\t\t\t\t\t<\/div>\n\t\t<\/div>\n\t\t\t\t\t<\/div>\n\t\t<\/section>\n\t\t\t\t<section class=\"elementor-section elementor-top-section elementor-element elementor-element-6589d7a elementor-section-boxed elementor-section-height-default elementor-section-height-default qodef-elementor-content-no\" data-id=\"6589d7a\" data-element_type=\"section\" data-e-type=\"section\">\n\t\t\t\t\t\t<div class=\"elementor-container elementor-column-gap-default\">\n\t\t\t\t\t<div class=\"elementor-column elementor-col-100 elementor-top-column elementor-element elementor-element-dc4cfb9\" data-id=\"dc4cfb9\" data-element_type=\"column\" data-e-type=\"column\">\n\t\t\t<div class=\"elementor-widget-wrap elementor-element-populated\">\n\t\t\t\t\t\t<div class=\"elementor-element elementor-element-777870e elementor-align-center elementor-widget__width-initial elementor-widget elementor-widget-button\" data-id=\"777870e\" data-element_type=\"widget\" data-e-type=\"widget\" data-widget_type=\"button.default\">\n\t\t\t\t<div class=\"elementor-widget-container\">\n\t\t\t\t\t\t\t\t\t<div class=\"elementor-button-wrapper\">\n\t\t\t\t\t<a class=\"elementor-button elementor-button-link elementor-size-sm\" href=\"https:\/\/petits-chanteurs-strasbourg.com\/index.php\/formation-musicale-en-pedagogies-actives\/\">\n\t\t\t\t\t\t<span class=\"elementor-button-content-wrapper\">\n\t\t\t\t\t\t\t\t\t<span class=\"elementor-button-text\">FORMATION MUSICALE EN P\u00c9DAGOGIES ACTIVES<\/span>\n\t\t\t\t\t<\/span>\n\t\t\t\t\t<\/a>\n\t\t\t\t<\/div>\n\t\t\t\t\t\t\t\t<\/div>\n\t\t\t\t<\/div>\n\t\t\t\t\t<\/div>\n\t\t<\/div>\n\t\t\t\t\t<\/div>\n\t\t<\/section>\n\t\t\t\t<section class=\"elementor-section elementor-top-section elementor-element elementor-element-e4002c4 elementor-section-boxed elementor-section-height-default elementor-section-height-default qodef-elementor-content-no\" data-id=\"e4002c4\" data-element_type=\"section\" data-e-type=\"section\">\n\t\t\t\t\t\t<div class=\"elementor-container elementor-column-gap-default\">\n\t\t\t\t\t<div class=\"elementor-column elementor-col-100 elementor-top-column elementor-element elementor-element-bc5eb9f\" data-id=\"bc5eb9f\" data-element_type=\"column\" data-e-type=\"column\">\n\t\t\t<div class=\"elementor-widget-wrap elementor-element-populated\">\n\t\t\t\t\t\t<div class=\"elementor-element elementor-element-cc79cb4 elementor-widget elementor-widget-text-editor\" data-id=\"cc79cb4\" data-element_type=\"widget\" data-e-type=\"widget\" data-widget_type=\"text-editor.default\">\n\t\t\t\t<div class=\"elementor-widget-container\">\n\t\t\t\t\t\t\t\t\t<p>Outre des r\u00e9p\u00e9titions en tutti, les choristes travaillent en pupitre, par petits groupes. Aux r\u00e9p\u00e9titions hebdomadaires s&rsquo;ajoutent ponctuellement des sessions pendant le week-end ou les vacances. Ce travail s\u2019intensifie au gr\u00e9 des concerts et des engagements. En parall\u00e8le, des cours de technique vocale sont propos\u00e9s aux ma\u00eetrisiens, par groupe de 3 et \u00e0 raison d\u2019une heure par semaine.<\/p>\t\t\t\t\t\t\t\t<\/div>\n\t\t\t\t<\/div>\n\t\t\t\t\t<\/div>\n\t\t<\/div>\n\t\t\t\t\t<\/div>\n\t\t<\/section>\n\t\t\t\t<section class=\"elementor-section elementor-top-section elementor-element elementor-element-7109a87 elementor-section-boxed elementor-section-height-default elementor-section-height-default qodef-elementor-content-no\" data-id=\"7109a87\" data-element_type=\"section\" data-e-type=\"section\">\n\t\t\t\t\t\t<div class=\"elementor-container elementor-column-gap-default\">\n\t\t\t\t\t<div class=\"elementor-column elementor-col-100 elementor-top-column elementor-element elementor-element-d15b91d\" data-id=\"d15b91d\" data-element_type=\"column\" data-e-type=\"column\">\n\t\t\t<div class=\"elementor-widget-wrap elementor-element-populated\">\n\t\t\t\t\t\t<div class=\"elementor-element elementor-element-7aa15ba elementor-align-center elementor-widget elementor-widget-button\" data-id=\"7aa15ba\" data-element_type=\"widget\" data-e-type=\"widget\" data-widget_type=\"button.default\">\n\t\t\t\t<div class=\"elementor-widget-container\">\n\t\t\t\t\t\t\t\t\t<div class=\"elementor-button-wrapper\">\n\t\t\t\t\t<a class=\"elementor-button elementor-button-link elementor-size-sm\" href=\"https:\/\/petits-chanteurs-strasbourg.com\/index.php\/technique-vocale\/\">\n\t\t\t\t\t\t<span class=\"elementor-button-content-wrapper\">\n\t\t\t\t\t\t\t\t\t<span class=\"elementor-button-text\">TECHNIQUE VOCALE<\/span>\n\t\t\t\t\t<\/span>\n\t\t\t\t\t<\/a>\n\t\t\t\t<\/div>\n\t\t\t\t\t\t\t\t<\/div>\n\t\t\t\t<\/div>\n\t\t\t\t\t<\/div>\n\t\t<\/div>\n\t\t\t\t\t<\/div>\n\t\t<\/section>\n\t\t\t\t<section class=\"elementor-section elementor-top-section elementor-element elementor-element-9ecdb25 elementor-section-boxed elementor-section-height-default elementor-section-height-default qodef-elementor-content-no\" data-id=\"9ecdb25\" data-element_type=\"section\" data-e-type=\"section\">\n\t\t\t\t\t\t<div class=\"elementor-container elementor-column-gap-default\">\n\t\t\t\t\t<div class=\"elementor-column elementor-col-100 elementor-top-column elementor-element elementor-element-bcd4336\" data-id=\"bcd4336\" data-element_type=\"column\" data-e-type=\"column\">\n\t\t\t<div class=\"elementor-widget-wrap elementor-element-populated\">\n\t\t\t\t\t\t<div class=\"elementor-element elementor-element-9d37d4d elementor-widget elementor-widget-text-editor\" data-id=\"9d37d4d\" data-element_type=\"widget\" data-e-type=\"widget\" data-widget_type=\"text-editor.default\">\n\t\t\t\t<div class=\"elementor-widget-container\">\n\t\t\t\t\t\t\t\t\t<p>La Ma\u00eetrise fonctionne \u00e0 g\u00e9om\u00e9trie variable, encourageant ainsi le choriste \u00e0 \u00eatre actif dans sa formation. Chacun d\u2019eux peut \u00eatre amen\u00e9 \u00e0 chanter du solo jusqu\u2019au grand ch\u0153ur, en passant par le quatuor, les voix \u00e9gales ou encore le ch\u0153ur mixte. Chaque fin d\u2019ann\u00e9e, une audition permet au choriste de faire le point avec l\u2019e\u0301quipe p\u00e9dagogique sur ses progr\u00e8s et les axes \u00e0 d\u00e9velopper pour la saison suivante.<\/p>\t\t\t\t\t\t\t\t<\/div>\n\t\t\t\t<\/div>\n\t\t\t\t\t<\/div>\n\t\t<\/div>\n\t\t\t\t\t<\/div>\n\t\t<\/section>\n\t\t\t\t<\/div>\n\t\t","protected":false},"excerpt":{"rendered":"<p>Les Petits Chanteurs de Strasbourg \u2013 Ma\u00eetrise de l&rsquo;Op\u00e9ra national du Rhin veulent favoriser l\u2019acc\u00e8s de tous \u00e0 la culture de l\u2019art choral. Les enfants s\u2019inscrivent aux auditions d\u2019entr\u00e9e parce qu\u2019ils aiment chanter et prennent progressivement la pleine mesure de l\u2019investissement et de l\u2019engagement. Il n\u2019est pas rare qu\u2019un enfant choriste fasse d\u00e9couvrir \u00e0 sa [&hellip;]<\/p>\n","protected":false},"author":2,"featured_media":0,"parent":0,"menu_order":0,"comment_status":"closed","ping_status":"closed","template":"elementor_header_footer","meta":{"_bbp_topic_count":0,"_bbp_reply_count":0,"_bbp_total_topic_count":0,"_bbp_total_reply_count":0,"_bbp_voice_count":0,"_bbp_anonymous_reply_count":0,"_bbp_topic_count_hidden":0,"_bbp_reply_count_hidden":0,"_bbp_forum_subforum_count":0,"footnotes":""},"class_list":["post-4211","page","type-page","status-publish","hentry"],"_links":{"self":[{"href":"https:\/\/petits-chanteurs-strasbourg.com\/index.php\/wp-json\/wp\/v2\/pages\/4211","targetHints":{"allow":["GET"]}}],"collection":[{"href":"https:\/\/petits-chanteurs-strasbourg.com\/index.php\/wp-json\/wp\/v2\/pages"}],"about":[{"href":"https:\/\/petits-chanteurs-strasbourg.com\/index.php\/wp-json\/wp\/v2\/types\/page"}],"author":[{"embeddable":true,"href":"https:\/\/petits-chanteurs-strasbourg.com\/index.php\/wp-json\/wp\/v2\/users\/2"}],"replies":[{"embeddable":true,"href":"https:\/\/petits-chanteurs-strasbourg.com\/index.php\/wp-json\/wp\/v2\/comments?post=4211"}],"version-history":[{"count":33,"href":"https:\/\/petits-chanteurs-strasbourg.com\/index.php\/wp-json\/wp\/v2\/pages\/4211\/revisions"}],"predecessor-version":[{"id":12810,"href":"https:\/\/petits-chanteurs-strasbourg.com\/index.php\/wp-json\/wp\/v2\/pages\/4211\/revisions\/12810"}],"wp:attachment":[{"href":"https:\/\/petits-chanteurs-strasbourg.com\/index.php\/wp-json\/wp\/v2\/media?parent=4211"}],"curies":[{"name":"wp","href":"https:\/\/api.w.org\/{rel}","templated":true}]}}